{"id":1812,"date":"2020-10-20T18:30:07","date_gmt":"2020-10-20T18:30:07","guid":{"rendered":"https:\/\/staging-fr.fordrca.com\/quebec\/?page_id=1812"},"modified":"2024-03-05T19:16:21","modified_gmt":"2024-03-05T19:16:21","slug":"nous-joindre","status":"publish","type":"page","link":"https:\/\/fordpro.quebec\/montreal\/nous-joindre\/","title":{"rendered":"Nous joindre"},"content":{"rendered":"<p>[et_pb_section fb_built=&#8221;1&#8243; admin_label=&#8221;Header&#8221; module_class=&#8221;header-section&#8221; _builder_version=&#8221;4.16&#8243; _module_preset=&#8221;default&#8221; global_colors_info=&#8221;{}&#8221;][et_pb_row module_class=&#8221;image-header&#8221; _builder_version=&#8221;4.16&#8243; _module_preset=&#8221;default&#8221; global_colors_info=&#8221;{}&#8221;][et_pb_column type=&#8221;4_4&#8243; _builder_version=&#8221;4.16&#8243; _module_preset=&#8221;default&#8221; global_colors_info=&#8221;{}&#8221;][et_pb_image src=&#8221;https:\/\/fordpro.quebec\/montreal\/wp-content\/uploads\/2018\/01\/2017_GAMME_1920X1080.jpg&#8221; title_text=&#8221;2017_GAMME_1920X1080&#8243; _builder_version=&#8221;4.16&#8243; _module_preset=&#8221;default&#8221; global_colors_info=&#8221;{}&#8221;][\/et_pb_image][\/et_pb_column][\/et_pb_row][\/et_pb_section][et_pb_section fb_built=&#8221;1&#8243; admin_label=&#8221;Nous joindre&#8221; module_class=&#8221;background-light-gray&#8221; _builder_version=&#8221;4.16&#8243; _module_preset=&#8221;default&#8221; global_colors_info=&#8221;{}&#8221;][et_pb_row column_structure=&#8221;1_2,1_2&#8243; _builder_version=&#8221;4.16&#8243; _module_preset=&#8221;default&#8221; global_colors_info=&#8221;{}&#8221;][et_pb_column type=&#8221;1_2&#8243; _builder_version=&#8221;4.16&#8243; _module_preset=&#8221;default&#8221; global_colors_info=&#8221;{}&#8221;][et_pb_text admin_label=&#8221;Titre&#8221; _builder_version=&#8221;4.16&#8243; _module_preset=&#8221;default&#8221; global_colors_info=&#8221;{}&#8221;]<\/p>\n<h1><strong>Nous joindre<\/strong><\/h1>\n<p>[\/et_pb_text][et_pb_text admin_label=&#8221;Texte&#8221; module_class=&#8221;black&#8221; _builder_version=&#8221;4.16&#8243; _module_preset=&#8221;default&#8221; global_colors_info=&#8221;{}&#8221;]<\/p>\n<p>Vous envisagez l&#8217;acquisition de v\u00e9hicules ou camions commerciaux ? Vous avez des questions ou des commentaires ?<\/p>\n<p>Chez Desjardins Ford, l&#8217;important c&#8217;est le service professionnel et personnalis\u00e9, surtout pour ceux qui sont \u00e0 la recherche de camions commerciaux. V\u00e9ritable partenaire de votre entreprise, Desjardins Ford a \u00e0 coeur de trouver le camion ou le v\u00e9hicule Ford qui conviendra \u00e0 vos besoins, tout en proposant des solutions de financement cr\u00e9atives et adapt\u00e9es.<\/p>\n<p>N&#8217;h\u00e9sitez pas \u00e0 nous contacter : notre \u00e9quipe de professionnels est \u00e0 votre service.<\/p>\n<p>[\/et_pb_text][et_pb_text admin_label=&#8221;Accroche&#8221; module_class=&#8221;deep_blue&#8221; _builder_version=&#8221;4.16&#8243; _module_preset=&#8221;default&#8221; global_colors_info=&#8221;{}&#8221;]<\/p>\n<p>Faites appel aux conseils experts de notre \u00e9quipe de professionnels des camions et v\u00e9hicules commerciaux Ford<\/p>\n<p>[\/et_pb_text][\/et_pb_column][et_pb_column type=&#8221;1_2&#8243; module_class=&#8221;nous-joindre-jellybean-colonne&#8221; _builder_version=&#8221;4.16&#8243; _module_preset=&#8221;default&#8221; global_colors_info=&#8221;{}&#8221;][et_pb_image src=&#8221;https:\/\/fordpro.quebec\/montreal\/wp-content\/uploads\/2022\/10\/transit_2022_1024x768.png&#8221; title_text=&#8221;Ford Transit&#8221; module_class=&#8221;nous-joindre-jellybean&#8221; _builder_version=&#8221;4.18.1&#8243; _module_preset=&#8221;default&#8221; global_colors_info=&#8221;{}&#8221;][\/et_pb_image][\/et_pb_column][\/et_pb_row][\/et_pb_section][et_pb_section fb_built=&#8221;1&#8243; admin_label=&#8221;Formulaire&#8221; _builder_version=&#8221;4.16&#8243; background_enable_image=&#8221;off&#8221; background_size=&#8221;initial&#8221; background_position=&#8221;top_center&#8221; background_repeat=&#8221;repeat&#8221; custom_margin=&#8221;|||&#8221; custom_padding=&#8221;41.3594px|0|41.3594px|0px&#8221; bottom_divider_color=&#8221;#006295&#8243; global_colors_info=&#8221;{}&#8221;][et_pb_row admin_label=&#8221;Ligne&#8221; _builder_version=&#8221;4.16&#8243; _module_preset=&#8221;default&#8221; custom_css_main_element=&#8221;display: none;&#8221; global_colors_info=&#8221;{}&#8221;][et_pb_column type=&#8221;4_4&#8243; _builder_version=&#8221;4.16&#8243; _module_preset=&#8221;default&#8221; global_colors_info=&#8221;{}&#8221;][et_pb_text disabled_on=&#8221;off|off|off&#8221; admin_label=&#8221;Formulaire de contact (H2 cach\u00e9 pour l&#8217;accessibilit\u00e9)&#8221; _builder_version=&#8221;4.16&#8243; _module_preset=&#8221;default&#8221; global_colors_info=&#8221;{}&#8221;]<\/p>\n<h2>Formulaire de contact<\/h2>\n<p>[\/et_pb_text][\/et_pb_column][\/et_pb_row][et_pb_row _builder_version=&#8221;4.16&#8243; background_size=&#8221;initial&#8221; background_position=&#8221;top_left&#8221; background_repeat=&#8221;repeat&#8221; custom_margin=&#8221;0px||50px|&#8221; custom_padding=&#8221;35px||35px||false|false&#8221; global_colors_info=&#8221;{}&#8221;][et_pb_column type=&#8221;4_4&#8243; _builder_version=&#8221;4.16&#8243; custom_padding=&#8221;|||&#8221; global_colors_info=&#8221;{}&#8221; custom_padding__hover=&#8221;|||&#8221;][et_pb_code _builder_version=&#8221;4.16&#8243; custom_padding=&#8221;||25px|&#8221; global_colors_info=&#8221;{}&#8221;]\n\n<form id=\"dpp-form\" action=\"\/montreal\/wp-json\/wp\/v2\/pages\/1812\" method=\"post\" novalidate=\"novalidate\">\n  <div class=\"form-container-left\">\n    <h3 class=\"dpp-personal-information-title\">Vos informations personnelles<\/h3>\n\n    <p class=\"dpp-last-name-wrapper\">\n      <label for=\"dpp-last-name\">Nom *<\/label>\n      <input type=\"text\" name=\"dpp-last-name\" value=\"\" size=\"40\" required \/>\n    <\/p>\n    <p class=\"dpp-first-name-wrapper\">\n      <label for=\"dpp-first-name\">Pr\u00e9nom *<\/label>\n      <input type=\"text\" name=\"dpp-first-name\" value=\"\" size=\"40\" required \/>\n    <\/p>\n    <p class=\"dpp-email-wrapper\">\n      <label for=\"dpp-email\">Adresse Courriel *<\/label>\n      <input id=\"dpp-email\" type=\"email\" name=\"dpp-email\" value=\"\" size=\"40\" required \/>\n    <\/p>\n    <p class=\"dpp-phone-wrapper\">\n      <label for=\"dpp-phone\">Num\u00e9ro de t\u00e9l\u00e9phone<\/label>\n      <input type=\"tel\" name=\"dpp-phone\" value=\"\" size=\"10\" \/>\n    <\/p>\n    <p class=\"dpp-employer-wrapper\">\n      <label for=\"dpp-employer\">Entreprise<\/label>\n      <input type=\"text\" name=\"dpp-employer\" value=\"\" size=\"40\" \/>\n    <\/p>\n  <\/div>\n\n  <hr>\n\n  <div class=\"form-container-right\">\n    <h3 class=\"dpp-vehicle-list-title\">\n      Quels v\u00e9hicules vous int\u00e9ressent?      <span>(plusieurs choix possibles)<\/span>\n    <\/h3>\n\n    <input type=\"hidden\" name=\"dpp-selected-models\">\n    <div id=\"brand-list\">\n      <div class=\"brand-list-left\">\n        <ul>            <li class=\"car-brand-f-150\">\n              <label>\n                <input type=\"checkbox\" name=\"dpp-brands[ford][]\" value=\"f-150\" >&nbsp;\n                Ford F-150              <\/label>\n            <\/li>\n                    <li class=\"car-brand-f-150_ranger\">\n              <label>\n                <input type=\"checkbox\" name=\"dpp-brands[ford][]\" value=\"f-150_ranger\" >&nbsp;\n                Ford Ranger              <\/label>\n            <\/li>\n                    <li class=\"car-brand-f-150_lightning\">\n              <label>\n                <input type=\"checkbox\" name=\"dpp-brands[ford][]\" value=\"f-150_lightning\" >&nbsp;\n                Ford F-150 Lightning              <\/label>\n            <\/li>\n                    <li class=\"car-brand-ford_super_duty\">\n              <label>\n                <input type=\"checkbox\" name=\"dpp-brands[ford][]\" value=\"ford_super_duty\" >&nbsp;\n                Ford Super Duty              <\/label>\n            <\/li>\n                    <li class=\"car-brand-chassis_cabine\">\n              <label>\n                <input type=\"checkbox\" name=\"dpp-brands[ford][]\" value=\"chassis_cabine\" >&nbsp;\n                Ford Super Duty Ch\u00e2ssis Cabine              <\/label>\n            <\/li>\n                    <li class=\"car-brand-transit\">\n              <label>\n                <input type=\"checkbox\" name=\"dpp-brands[ford][]\" value=\"transit\" >&nbsp;\n                Ford Transit              <\/label>\n            <\/li>\n                    <li class=\"car-brand-transit_chassis_tronque\">\n              <label>\n                <input type=\"checkbox\" name=\"dpp-brands[ford][]\" value=\"transit_chassis_tronque\" >&nbsp;\n                Ford Transit Ch\u00e2ssis Tronqu\u00e9              <\/label>\n            <\/li>\n                    <li class=\"car-brand-e-transit\">\n              <label>\n                <input type=\"checkbox\" name=\"dpp-brands[ford][]\" value=\"e-transit\" >&nbsp;\n                Ford E-Transit              <\/label>\n            <\/li>\n                    <li class=\"car-brand-e-series\">\n              <label>\n                <input type=\"checkbox\" name=\"dpp-brands[ford][]\" value=\"e-series\" >&nbsp;\n                S\u00e9rie E              <\/label>\n            <\/li>\n        <\/ul><\/div><div class=\"brand-list-right\">      <\/div>\n    <\/div>\n    <p class=\"dpp-comments-wrapper\">\n      <label for=\"dpp-comments\">Commentaires<\/label>\n      <textarea name=\"dpp-comments\"><\/textarea>\n    <\/p>\n\n    <p class=\"dpp-agree_terms_conditions-wrapper\">\n      <label id=\"agree_terms_conditions\">\n        <input type=\"checkbox\" name=\"dpp-agree_terms_conditions\" value=\"true\" required> Je consens a\u0300 ce que Groupe Desjardins ou ses repre\u0301sentants autorise\u0301s communiquent avec moi aux coordonne\u0301es indique\u0301es ci-dessus.      <\/label>\n    <\/p>\n    <p class=\"dpp-submit-wrapper\">\n      <input type=\"submit\" name=\"dpp-submitted\" value=\"Envoyer\" \/>\n    <\/p>\n  <\/div>\n<\/form>\n\n<script type=\"text\/javascript\">\n  jQuery.noConflict();\n  jQuery.validator.addMethod(\"atLeastOneModelSelected\", function(value, element) {\n    var numberChecked = jQuery('input[name*=\"dpp-brands\"]:checked').length;\n    return numberChecked > 0;\n  });\n  (function($) {\n    $('#dpp-form').validate({\n      ignore: \"\",\n      rules: {\n        \"dpp-selected-models\": {\n          atLeastOneModelSelected: true\n        },\n        \"dpp-agree_terms_conditions\": {\n          required: true\n        }\n      },\n      messages: {\n        \"dpp-first-name\": \"Ce champ est obligatoire.\",\n        \"dpp-last-name\": \"Ce champ est obligatoire.\",\n        \"dpp-email\": \"Ce champ est obligatoire.\",\n        \"dpp-selected-models\": \"Veuillez s\u00e9lectionner au moins un mod\u00e8le.\",\n        \"dpp-agree_terms_conditions\": \"Veuillez accepter les termes et conditions.\"\n      },\n      errorPlacement: function(error, element) {\n        if (element.attr(\"name\") == \"dpp-agree_terms_conditions\") {\n          error.insertAfter(\"#agree_terms_conditions\");\n        } else if (element.attr(\"name\") == \"dpp-selected-models\") {\n          error.insertBefore(\"#brand-list\");\n        } else {\n          error.insertAfter(element);\n        }\n      }\n    });\n  })(jQuery);\n\n  jQuery(document).ready(function() {\n    jQuery('#dpp-form').submit(function(event) {\n      if (!jQuery(this).valid()) {\n        event.preventDefault();\n        return false;\n      }\n\n      var email = jQuery('#dpp-email').val();\n      var siteKey = '6LcFNYUlAAAAAPmVGXUGFLHNgZHHIoWigNhal4St';\n\n      grecaptcha.ready(function() {\n        grecaptcha.execute(siteKey, {\n          action: 'subscribe'\n        }).then(function(token) {\n          jQuery('#dpp-form').prepend('<input type=\"hidden\" name=\"dpp-submitted\" value=\"send\">');\n          jQuery('#dpp-form').prepend('<input type=\"hidden\" name=\"recaptcha_response\" value=\"' + token + '\">');\n          jQuery('#dpp-form').unbind('submit').submit();\n        });;\n      });\n    });\n  });\n<\/script>\n[\/et_pb_code][\/et_pb_column][\/et_pb_row][\/et_pb_section][et_pb_section fb_built=&#8221;1&#8243; admin_label=&#8221;Contactez notre \u00e9quipe&#8221; module_class=&#8221;background-light-gray boite-contact&#8221; _builder_version=&#8221;4.16&#8243; background_enable_color=&#8221;off&#8221; background_position=&#8221;center_left&#8221; background_repeat=&#8221;repeat&#8221; background_blend=&#8221;lighten&#8221; custom_margin=&#8221;0px||0px|&#8221; custom_padding=&#8221;0px|0|0px|&#8221; global_colors_info=&#8221;{}&#8221;][et_pb_row module_class=&#8221;background-light-blue rencontrez-notre-equipe&#8221; _builder_version=&#8221;4.16&#8243; _module_preset=&#8221;default&#8221; global_colors_info=&#8221;{}&#8221;][et_pb_column type=&#8221;4_4&#8243; _builder_version=&#8221;4.16&#8243; _module_preset=&#8221;default&#8221; global_colors_info=&#8221;{}&#8221;][et_pb_text module_class=&#8221;equipe-contact-h2&#8243; _builder_version=&#8221;4.16&#8243; text_text_color=&#8221;#ffffff&#8221; header_text_color=&#8221;#ffffff&#8221; custom_css_main_element=&#8221;color: white;&#8221; global_colors_info=&#8221;{}&#8221;]<\/p>\n<h2 style=\"color: white;\"><strong>Contactez notre \u00e9quipe<\/strong><\/h2>\n<p>[\/et_pb_text][\/et_pb_column][\/et_pb_row][et_pb_row column_structure=&#8221;1_2,1_2&#8243; make_equal=&#8221;on&#8221; module_class=&#8221;ligne-contact rencontrez-notre-equipe background-light-blue nous-joindre-equipe&#8221; _builder_version=&#8221;4.16&#8243; custom_margin=&#8221;||||false|false&#8221; global_colors_info=&#8221;{}&#8221;][et_pb_column type=&#8221;1_2&#8243; _builder_version=&#8221;4.16&#8243; custom_padding=&#8221;|||&#8221; global_colors_info=&#8221;{}&#8221; custom_padding__hover=&#8221;|||&#8221;][et_pb_image src=&#8221;https:\/\/fordpro.quebec\/montreal\/wp-content\/uploads\/2024\/03\/jean_francois_blain-scaled.jpeg&#8221; alt=&#8221;Jean-Fran\u00e7ois Blain&#8221; title_text=&#8221;jean_francois_blain&#8221; align=&#8221;center&#8221; module_class=&#8221;image-pierre&#8221; _builder_version=&#8221;4.24.2&#8243; _module_preset=&#8221;default&#8221; hover_enabled=&#8221;0&#8243; global_colors_info=&#8221;{}&#8221; sticky_enabled=&#8221;0&#8243;][\/et_pb_image][et_pb_text _builder_version=&#8221;4.16&#8243; _module_preset=&#8221;default&#8221; global_colors_info=&#8221;{}&#8221;]<\/p>\n<h3><strong>Jean-Fran\u00e7ois Blain\u200b<\/strong><br \/>Directeur des ventes &#8211; Division commerciale<br \/>Sp\u00e9cialiste Camion Ford<\/h3>\n<p>[\/et_pb_text][et_pb_code _builder_version=&#8221;4.16&#8243; _module_preset=&#8221;default&#8221; global_colors_info=&#8221;{}&#8221;]<\/p>\n<div class=\"equipe-contact-boutons\"><!-- [et_pb_line_break_holder] --><pee><img decoding=\"async\" src=\"https:\/\/fordpro.quebec\/montreal\/wp-content\/uploads\/2020\/10\/Icones_128x128_phone.png\" \/>Ligne directe :\u00a0<!\u2013- [et_pb_br_holder] -\u2013><a href=\"tel:514-332-3850\">514-332-3850<\/a><\/pee><!-- [et_pb_line_break_holder] --><!-- [et_pb_line_break_holder] --><!--<pee><img decoding=\"async\" src=\"https:\/\/fordpro.quebec\/montreal\/wp-content\/uploads\/2020\/10\/Icones_128x128_cellphone.png\" \/>Cellulaire :\u00a0<a href=\"tel:418-580-2040\">418-580-2040<\/a><\/pee>--><!-- [et_pb_line_break_holder] --><!-- [et_pb_line_break_holder] --><pee><img decoding=\"async\" src=\"https:\/\/fordpro.quebec\/montreal\/wp-content\/uploads\/2020\/10\/Icones_128x128_mail.png\" \/>Courriel :\u00a0<!\u2013- [et_pb_br_holder] -\u2013><a href=\"mailto:jfblain@desjardinsford.ca\">jfblain@desjardinsford.ca<\/a><\/pee><!-- [et_pb_line_break_holder] --><\/div>\n<p>[\/et_pb_code][\/et_pb_column][et_pb_column type=&#8221;1_2&#8243; _builder_version=&#8221;4.16&#8243; custom_padding=&#8221;|||&#8221; global_colors_info=&#8221;{}&#8221; custom_padding__hover=&#8221;|||&#8221;][et_pb_image src=&#8221;https:\/\/fordpro.quebec\/montreal\/wp-content\/uploads\/2024\/03\/kim_rolland-scaled.jpeg&#8221; alt=&#8221;Guylaine Nadon&#8221; title_text=&#8221;kim_rolland&#8221; align=&#8221;center&#8221; disabled_on=&#8221;off|off|off&#8221; module_class=&#8221;image-pierre&#8221; _builder_version=&#8221;4.24.2&#8243; _module_preset=&#8221;default&#8221; global_colors_info=&#8221;{}&#8221;][\/et_pb_image][et_pb_text disabled_on=&#8221;off|off|off&#8221; _builder_version=&#8221;4.24.2&#8243; _module_preset=&#8221;default&#8221; global_colors_info=&#8221;{}&#8221;]<\/p>\n<h3><strong>Kim Rolland\u200b<\/strong><br \/>Conseill\u00e8re technique<\/h3>\n<p>[\/et_pb_text][et_pb_code disabled_on=&#8221;off|off|off&#8221; _builder_version=&#8221;4.24.2&#8243; _module_preset=&#8221;default&#8221; global_colors_info=&#8221;{}&#8221;]<\/p>\n<div class=\"equipe-contact-boutons\"><!-- [et_pb_line_break_holder] --><pee><img decoding=\"async\" src=\"https:\/\/fordpro.quebec\/montreal\/wp-content\/uploads\/2020\/10\/Icones_128x128_phone.png\" \/>Ligne directe :\u00a0<!\u2013- [et_pb_br_holder] -\u2013><a href=\"tel:438-797-0269\">438-797-0269<\/a><\/pee><!-- [et_pb_line_break_holder] --><!-- [et_pb_line_break_holder] --><!--<pee><img decoding=\"async\" src=\"https:\/\/fordpro.quebec\/montreal\/wp-content\/uploads\/2020\/10\/Icones_128x128_cellphone.png\" \/>Cellulaire :\u00a0<a href=\"tel:418-580-2040\">418-580-2040<\/a><\/pee>--><!-- [et_pb_line_break_holder] --><!-- [et_pb_line_break_holder] --><pee><img decoding=\"async\" src=\"https:\/\/fordpro.quebec\/montreal\/wp-content\/uploads\/2020\/10\/Icones_128x128_mail.png\" \/>Courriel :\u00a0<!\u2013- [et_pb_br_holder] -\u2013><a href=\"mailto:gnadon@desjardinsford.ca\">Krolland@desjardinsford.ca<\/a><\/pee><!-- [et_pb_line_break_holder] --><\/div>\n<p>[\/et_pb_code][\/et_pb_column][\/et_pb_row][\/et_pb_section][et_pb_section fb_built=&#8221;1&#8243; admin_label=&#8221;Venez nous rencontrer&#8221; module_id=&#8221;contact&#8221; _builder_version=&#8221;4.6.5&#8243; _module_preset=&#8221;default&#8221; custom_css_main_element=&#8221;position: relative;||padding: 0!important;&#8221; global_module=&#8221;1904&#8243; saved_tabs=&#8221;all&#8221; global_colors_info=&#8221;{}&#8221;][et_pb_row _builder_version=&#8221;4.16&#8243; _module_preset=&#8221;default&#8221; custom_css_main_element=&#8221;padding: 0;||max-width: none;||width: 100%;||z-index: 1&#8243; global_colors_info=&#8221;{}&#8221;][et_pb_column type=&#8221;4_4&#8243; _builder_version=&#8221;4.16&#8243; _module_preset=&#8221;default&#8221; global_colors_info=&#8221;{}&#8221;][et_pb_map google_api_key=&#8221;AIzaSyAPW-lcLvbnk2mngNIP24haZVhV4QQvk18&#8243; address=&#8221;1150 boulevard Marcel Laurin  St-Laurent QC H4R1J7&#8243; zoom_level=&#8221;17&#8243; address_lat=&#8221;45.51082149827&#8243; address_lng=&#8221;-73.690396298447&#8243; mouse_wheel=&#8221;off&#8221; mobile_dragging=&#8221;off&#8221; _builder_version=&#8221;4.16&#8243; _module_preset=&#8221;default&#8221; height=&#8221;340px&#8221; global_colors_info=&#8221;{}&#8221;][\/et_pb_map][\/et_pb_column][\/et_pb_row][et_pb_row module_class=&#8221;venez-nous-rencontrer&#8221; _builder_version=&#8221;4.16&#8243; _module_preset=&#8221;default&#8221; global_colors_info=&#8221;{}&#8221;][et_pb_column type=&#8221;4_4&#8243; module_class=&#8221;colonne-contact&#8221; _builder_version=&#8221;4.16&#8243; _module_preset=&#8221;default&#8221; global_colors_info=&#8221;{}&#8221;][et_pb_text admin_label=&#8221;Venez nous rencontrer&#8221; _builder_version=&#8221;4.16&#8243; _module_preset=&#8221;default&#8221; text_text_color=&#8221;#ffffff&#8221; global_colors_info=&#8221;{}&#8221;]<\/p>\n<h2 style=\"color: white\">Venez nous<br \/><strong>rencontrer<\/strong><\/h2>\n<p>[\/et_pb_text][et_pb_text admin_label=&#8221;Concessionnaire&#8221; _builder_version=&#8221;4.16&#8243; _module_preset=&#8221;default&#8221; custom_css_main_element=&#8221;margin-bottom: 20px!important;&#8221; global_colors_info=&#8221;{}&#8221;]<\/p>\n<p><strong>Desjardins Ford Montr\u00e9al<\/strong><br \/><strong> Division commerciale<\/strong><\/p>\n<p>[\/et_pb_text][et_pb_text admin_label=&#8221;Adresse&#8221; _builder_version=&#8221;4.16&#8243; _module_preset=&#8221;default&#8221; custom_css_main_element=&#8221;margin-bottom: 20px!important;&#8221; global_colors_info=&#8221;{}&#8221;]<\/p>\n<p>1150 boulevard Marcel Laurin<br \/>St-Laurent QC H4R 1J7<\/p>\n<p>[\/et_pb_text][et_pb_button button_url=&#8221;https:\/\/fordpro.quebec\/montreal\/nous-joindre&#8221; button_text=&#8221;Nous contacter&#8221; admin_label=&#8221;Nous contacter&#8221; _builder_version=&#8221;4.16&#8243; _module_preset=&#8221;default&#8221; custom_css_main_element=&#8221;color: white!important;&#8221; global_colors_info=&#8221;{}&#8221;][\/et_pb_button][\/et_pb_column][\/et_pb_row][\/et_pb_section]<\/p>\n","protected":false},"excerpt":{"rendered":"<p>Nous joindreVous envisagez l&#8217;acquisition de v\u00e9hicules ou camions commerciaux ? Vous avez des questions ou des commentaires ? Chez Desjardins Ford, l&#8217;important c&#8217;est le service professionnel et personnalis\u00e9, surtout pour ceux qui sont \u00e0 la recherche de camions commerciaux. V\u00e9ritable partenaire de votre entreprise, Desjardins Ford a \u00e0 coeur de trouver le camion ou le [&hellip;]<\/p>\n","protected":false},"author":9,"featured_media":0,"parent":0,"menu_order":0,"comment_status":"closed","ping_status":"closed","template":"","meta":{"_et_pb_use_builder":"on","_et_pb_old_content":"","_et_gb_content_width":"","footnotes":""},"class_list":["post-1812","page","type-page","status-publish","hentry"],"_links":{"self":[{"href":"https:\/\/fordpro.quebec\/montreal\/wp-json\/wp\/v2\/pages\/1812","targetHints":{"allow":["GET"]}}],"collection":[{"href":"https:\/\/fordpro.quebec\/montreal\/wp-json\/wp\/v2\/pages"}],"about":[{"href":"https:\/\/fordpro.quebec\/montreal\/wp-json\/wp\/v2\/types\/page"}],"author":[{"embeddable":true,"href":"https:\/\/fordpro.quebec\/montreal\/wp-json\/wp\/v2\/users\/9"}],"replies":[{"embeddable":true,"href":"https:\/\/fordpro.quebec\/montreal\/wp-json\/wp\/v2\/comments?post=1812"}],"version-history":[{"count":126,"href":"https:\/\/fordpro.quebec\/montreal\/wp-json\/wp\/v2\/pages\/1812\/revisions"}],"predecessor-version":[{"id":3639,"href":"https:\/\/fordpro.quebec\/montreal\/wp-json\/wp\/v2\/pages\/1812\/revisions\/3639"}],"wp:attachment":[{"href":"https:\/\/fordpro.quebec\/montreal\/wp-json\/wp\/v2\/media?parent=1812"}],"curies":[{"name":"wp","href":"https:\/\/api.w.org\/{rel}","templated":true}]}}