{"id":3102,"date":"2022-10-26T12:57:05","date_gmt":"2022-10-26T12:57:05","guid":{"rendered":"https:\/\/fordrca.com\/montreal\/?page_id=3102"},"modified":"2025-04-15T11:07:38","modified_gmt":"2025-04-15T11:07:38","slug":"ford-e-transit","status":"publish","type":"page","link":"https:\/\/fordpro.quebec\/montreal\/ford-e-transit\/","title":{"rendered":"Ford E-Transit"},"content":{"rendered":"<p>[et_pb_section fb_built=&#8221;1&#8243; admin_label=&#8221;Header&#8221; module_class=&#8221;header-section&#8221; _builder_version=&#8221;4.16&#8243; _module_preset=&#8221;default&#8221; global_colors_info=&#8221;{}&#8221;][et_pb_row module_class=&#8221;image-header&#8221; _builder_version=&#8221;4.16&#8243; _module_preset=&#8221;default&#8221; global_colors_info=&#8221;{}&#8221;][et_pb_column type=&#8221;4_4&#8243; _builder_version=&#8221;4.16&#8243; _module_preset=&#8221;default&#8221; global_colors_info=&#8221;{}&#8221;][et_pb_image src=&#8221;https:\/\/fordpro.quebec\/montreal\/wp-content\/uploads\/2025\/04\/Etransit_2025_Header_1920x1080.jpg&#8221; alt=&#8221;D\u00e9couvrez notre gamme de v\u00e9hicules commerciaux : Ford Transit Connect&#8221; title_text=&#8221;Etransit_2025_Header_1920x1080&#8243; _builder_version=&#8221;4.27.4&#8243; _module_preset=&#8221;default&#8221; global_colors_info=&#8221;{}&#8221;][\/et_pb_image][\/et_pb_column][\/et_pb_row][\/et_pb_section][et_pb_section fb_built=&#8221;1&#8243; admin_label=&#8221;Introduction&#8221; module_class=&#8221;background-gray intro-long&#8221; _builder_version=&#8221;4.27.4&#8243; _module_preset=&#8221;default&#8221; height=&#8221;530px&#8221; height_tablet=&#8221;500px&#8221; height_phone=&#8221;500px&#8221; height_last_edited=&#8221;on|phone&#8221; hover_enabled=&#8221;0&#8243; global_colors_info=&#8221;{}&#8221; sticky_enabled=&#8221;0&#8243;][et_pb_row column_structure=&#8221;3_5,2_5&#8243; _builder_version=&#8221;4.16&#8243; _module_preset=&#8221;default&#8221; global_colors_info=&#8221;{}&#8221;][et_pb_column type=&#8221;3_5&#8243; _builder_version=&#8221;4.16&#8243; _module_preset=&#8221;default&#8221; global_colors_info=&#8221;{}&#8221;][et_pb_text admin_label=&#8221;Titre&#8221; _builder_version=&#8221;4.27.4&#8243; _module_preset=&#8221;default&#8221; text_text_color=&#8221;#000000&#8243; global_colors_info=&#8221;{}&#8221;]<\/p>\n<h1><strong>Ford E-Transit : <\/strong><br \/>\u00c0 partir de 69 295 $<\/h1>\n<p>[\/et_pb_text][et_pb_text admin_label=&#8221;descriptif&#8221; _builder_version=&#8221;4.27.4&#8243; _module_preset=&#8221;default&#8221; global_colors_info=&#8221;{}&#8221;]<\/p>\n<p> <strong> Le Ford E-Transit 2025, c\u2019est l\u2019utilitaire \u00e9lectrique qui r\u00e9volutionne le monde du travail. Offrant toute la robustesse et la polyvalence du Transit traditionnel, il ajoute l\u2019efficacit\u00e9 \u00e9nerg\u00e9tique, la protection de l\u2019environnement et une r\u00e9duction des co\u00fbts d\u2019exploitation \u00e0 ses nombreuses qualit\u00e9s. Con\u00e7u pour les entreprises cherchant \u00e0 optimiser leur flotte de v\u00e9hicules tout en r\u00e9duisant leur empreinte carbone, il s\u2019adapte \u00e0 une multitude d\u2019usages, des livraisons urbaines aux travaux sp\u00e9cialis\u00e9s.  <\/strong><\/p>\n<p> Avec son moteur enti\u00e8rement \u00e9lectrique, le Ford E-Transit \u00e9limine les \u00e9missions tout en offrant une autonomie g\u00e9n\u00e9reuse adapt\u00e9e aux besoins professionnels. Son habitacle moderne et technologique assure un confort optimal aux conducteurs qui passent de longues heures sur la route. De plus, sa capacit\u00e9 de chargement reste aussi impressionnante que celle d\u2019un Transit \u00e0 essence, sans compromis sur l\u2019espace ou la polyvalence. <\/p>\n<p>[\/et_pb_text][et_pb_button button_url=&#8221;#formulaire&#8221; button_text=&#8221;Le E-Transit vous int\u00e9resse ?&#8221; module_class=&#8221;bouton&#8221; _builder_version=&#8221;4.19.1&#8243; _module_preset=&#8221;default&#8221; global_colors_info=&#8221;{}&#8221;][\/et_pb_button][\/et_pb_column][et_pb_column type=&#8221;2_5&#8243; module_class=&#8221;avantages&#8221; _builder_version=&#8221;4.16&#8243; _module_preset=&#8221;default&#8221; global_colors_info=&#8221;{}&#8221;][et_pb_text admin_label=&#8221;Pourquoi choisir&#8230;&#8221; module_class=&#8221;uppercase fs-24 bold&#8221; _builder_version=&#8221;4.27.4&#8243; _module_preset=&#8221;default&#8221; global_colors_info=&#8221;{}&#8221;]<\/p>\n<h2>Pourquoi choisir le Ford E-Transit<\/h2>\n<h3> \u00c9conomie d\u2019exploitation  <\/h3>\n<p> L\u2019absence de carburant et la r\u00e9duction des co\u00fbts d\u2019entretien font du E-Transit un choix intelligent pour les entreprises. Moins de pi\u00e8ces en mouvement signifie moins de maintenance et plus de temps sur la route. <\/p>\n<h3> Performance sans \u00e9mission  <\/h3>\n<p> Gr\u00e2ce \u00e0 son groupe motopropulseur 100 % \u00e9lectrique, le E-Transit \u00e9limine les \u00e9missions locales tout en offrant un couple instantan\u00e9, id\u00e9al pour les livraisons fr\u00e9quentes en milieu urbain. <\/p>\n<h3> Technologie embarqu\u00e9e  <\/h3>\n<p> Le E-Transit est \u00e9quip\u00e9 du syst\u00e8me SYNC 4, d\u2019un \u00e9cran tactile intuitif et des technologies Ford Co-Pilot 360, garantissant une connectivit\u00e9 et une s\u00e9curit\u00e9 de pointe pour les conducteurs professionnels. <\/p>\n<p>[\/et_pb_text][\/et_pb_column][\/et_pb_row][\/et_pb_section][et_pb_section fb_built=&#8221;1&#8243; custom_padding_last_edited=&#8221;on|desktop&#8221; admin_label=&#8221;Sp\u00e9cifications&#8221; module_class=&#8221;lp_specs&#8221; _builder_version=&#8221;4.27.4&#8243; _module_preset=&#8221;default&#8221; custom_padding=&#8221;||10rem||false|false&#8221; custom_padding_tablet=&#8221;||10rem||false|false&#8221; custom_padding_phone=&#8221;||10rem||false|false&#8221; global_colors_info=&#8221;{}&#8221;][et_pb_row column_structure=&#8221;1_2,1_2&#8243; _builder_version=&#8221;4.16&#8243; _module_preset=&#8221;default&#8221; global_colors_info=&#8221;{}&#8221;][et_pb_column type=&#8221;1_2&#8243; _builder_version=&#8221;4.16&#8243; _module_preset=&#8221;default&#8221; global_colors_info=&#8221;{}&#8221;][et_pb_accordion module_class=&#8221;accordeon&#8221; _builder_version=&#8221;4.27.4&#8243; _module_preset=&#8221;default&#8221; toggle_level=&#8221;h2&#8243; global_colors_info=&#8221;{}&#8221;][et_pb_accordion_item title=&#8221;Sp\u00e9cificit\u00e9s&#8221; open=&#8221;on&#8221; _builder_version=&#8221;4.27.4&#8243; _module_preset=&#8221;default&#8221; global_colors_info=&#8221;{}&#8221;]<\/p>\n<ul>\n<li>Moteur \u00e9lectrique de 266 chevaux<\/li>\n<li>Couple instantan\u00e9 de 317 lb-pi<\/li>\n<li>Autonomie am\u00e9lior\u00e9e jusqu\u2019\u00e0 255 km<\/li>\n<li>Charge utile maximale de 3 800 lb<\/li>\n<li>Volume de chargement jusqu\u2019\u00e0 487,3 pi-cube<\/li>\n<li>Ford Co-Pilot 360 de s\u00e9rie<\/li>\n<li>\u00c9cran tactile 12 pouces avec SYNC 4<\/li>\n<li>Recharge rapide DC jusqu\u2019\u00e0 80 % en 34 minutes<\/li>\n<li>Syst\u00e8me Pro Power Onboard jusqu\u2019\u00e0 2,4 kW<\/li>\n<li>Suspension arri\u00e8re ind\u00e9pendante<\/li>\n<li>Connectivit\u00e9 Ford Pro avec gestion de flotte avanc\u00e9e<\/li>\n<li>R\u00e9gulateur de vitesse adaptatif<\/li>\n<\/ul>\n<p>[\/et_pb_accordion_item][et_pb_accordion_item title=&#8221;\u00c9quipement&#8221; _builder_version=&#8221;4.27.4&#8243; _module_preset=&#8221;default&#8221; global_colors_info=&#8221;{}&#8221; open=&#8221;off&#8221;]<\/p>\n<ul>\n<li>Diff\u00e9rentes hauteurs de toit et longueurs de ch\u00e2ssis<\/li>\n<li>Chargeur embarqu\u00e9 de 11,3 kW<\/li>\n<li>Chauffage de cabine \u00e0 pompe \u00e0 chaleur<\/li>\n<li>Cam\u00e9ra 360 degr\u00e9s disponible<\/li>\n<li>Forfaits t\u00e9l\u00e9matiques avanc\u00e9s<\/li>\n<\/ul>\n<p>[\/et_pb_accordion_item][et_pb_accordion_item title=&#8221;Garantie&#8221; _builder_version=&#8221;4.27.4&#8243; _module_preset=&#8221;default&#8221; global_colors_info=&#8221;{}&#8221; open=&#8221;off&#8221;]Le Ford E-Transit 2025 est couvert par :<\/p>\n<ul>\n<li>8 ans \/ 160 000 km sur la batterie et le groupe motopropulseur \u00e9lectrique<\/li>\n<li>5 ans \/ 100 000 km sur le groupe motopropulseur g\u00e9n\u00e9ral<\/li>\n<li>Assistance routi\u00e8re 24h\/24 pendant la dur\u00e9e de la garantie<\/li>\n<\/ul>\n<p>[\/et_pb_accordion_item][\/et_pb_accordion][\/et_pb_column][et_pb_column type=&#8221;1_2&#8243; _builder_version=&#8221;4.16&#8243; _module_preset=&#8221;default&#8221; global_colors_info=&#8221;{}&#8221;][et_pb_image src=&#8221;https:\/\/fordpro.quebec\/montreal\/wp-content\/uploads\/2025\/04\/Jellybeans_FordPro_Etransit_2025_1024x768.png&#8221; alt=&#8221;D\u00e9couvrez notre gamme de v\u00e9hicules commerciaux : Ford Transit Connect&#8221; title_text=&#8221;Jellybeans_FordPro_Etransit_2025_1024x768&#8243; module_class=&#8221;modele-jellybean&#8221; _builder_version=&#8221;4.27.4&#8243; _module_preset=&#8221;default&#8221; global_colors_info=&#8221;{}&#8221;][\/et_pb_image][et_pb_text disabled_on=&#8221;on|on|on&#8221; module_class=&#8221;uppercase fs-24 bold&#8221; _builder_version=&#8221;4.23.1&#8243; _module_preset=&#8221;default&#8221; text_text_color=&#8221;#000000&#8243; disabled=&#8221;on&#8221; global_colors_info=&#8221;{}&#8221;]<\/p>\n<h2><strong>Documentation<\/strong><\/h2>\n<p>[\/et_pb_text][et_pb_code disabled_on=&#8221;on|on|on&#8221; _builder_version=&#8221;4.23.1&#8243; _module_preset=&#8221;default&#8221; disabled=&#8221;on&#8221; global_colors_info=&#8221;{}&#8221;]<\/p>\n<div style=\"display: flex; justify-content: space-between\"><!-- [et_pb_line_break_holder] -->  <\/p>\n<div><!-- [et_pb_line_break_holder] -->    <\/p>\n<div class=\"doc-icon-row\"><!-- [et_pb_line_break_holder] -->      <img decoding=\"async\" src=\"https:\/\/fordpro.quebec\/montreal\/wp-content\/uploads\/2020\/10\/Icones_128x128_documents.png\" \/><!-- [et_pb_line_break_holder] -->      <pee class=\"uppercase fs-24\">Guide de remorquage<\/pee><!-- [et_pb_line_break_holder] -->    <\/div>\n<p><!-- [et_pb_line_break_holder] -->    <a class=\"et_pb_button download-button\" href=\"https:\/\/fordpro.quebec\/montreal\/wp-content\/uploads\/2022\/10\/2022_Guidederemorquage_FR.pdf\" target=\"_blank\" rel=\"noopener noreferrer\">T\u00e9l\u00e9charger<\/a><!-- [et_pb_line_break_holder] -->  <\/div>\n<p><!-- [et_pb_line_break_holder] --><\/div>\n<p>[\/et_pb_code][\/et_pb_column][\/et_pb_row][\/et_pb_section][et_pb_section fb_built=&#8221;1&#8243; admin_label=&#8221;Galerie&#8221; module_class=&#8221;background-gray galerie&#8221; _builder_version=&#8221;4.16&#8243; _module_preset=&#8221;default&#8221; global_colors_info=&#8221;{}&#8221;][et_pb_row module_class=&#8221;galerie-ligne&#8221; _builder_version=&#8221;4.16&#8243; _module_preset=&#8221;default&#8221; global_colors_info=&#8221;{}&#8221;][et_pb_column type=&#8221;4_4&#8243; _builder_version=&#8221;4.16&#8243; _module_preset=&#8221;default&#8221; global_colors_info=&#8221;{}&#8221;][et_pb_text _builder_version=&#8221;4.18.1&#8243; _module_preset=&#8221;default&#8221; text_text_color=&#8221;#000000&#8243; global_colors_info=&#8221;{}&#8221;]<\/p>\n<h2>Ford E-Transit :<br \/><strong>Galerie photo<\/strong><\/h2>\n<p>[\/et_pb_text][et_pb_gallery gallery_ids=&#8221;3862,3863,3864,3865,3867,3869,3870,3871&#8243; posts_number=&#8221;8&#8243; show_title_and_caption=&#8221;off&#8221; show_pagination=&#8221;off&#8221; zoom_icon_color=&#8221;#5bc7f2&#8243; hover_overlay_color=&#8221;rgba(78,148,200,0.5)&#8221; hover_icon=&#8221;&#x4c;||divi||400&#8243; _builder_version=&#8221;4.27.4&#8243; _module_preset=&#8221;default&#8221; global_colors_info=&#8221;{}&#8221;][\/et_pb_gallery][\/et_pb_column][\/et_pb_row][\/et_pb_section][et_pb_section fb_built=&#8221;1&#8243; admin_label=&#8221;Formulaire de contact&#8221; module_id=&#8221;formulaire&#8221; module_class=&#8221;nous_contacter&#8221; _builder_version=&#8221;4.16&#8243; _module_preset=&#8221;default&#8221; global_colors_info=&#8221;{}&#8221;][et_pb_row _builder_version=&#8221;4.16&#8243; _module_preset=&#8221;default&#8221; global_colors_info=&#8221;{}&#8221;][et_pb_column type=&#8221;4_4&#8243; _builder_version=&#8221;4.16&#8243; _module_preset=&#8221;default&#8221; global_colors_info=&#8221;{}&#8221;][et_pb_text admin_label=&#8221;Titre&#8221; _builder_version=&#8221;4.18.0&#8243; _module_preset=&#8221;default&#8221; global_colors_info=&#8221;{}&#8221;]<\/p>\n<h2><strong>Nous contacter<\/strong><\/h2>\n<p>[\/et_pb_text][et_pb_text admin_label=&#8221;intro&#8221; _builder_version=&#8221;4.18.0&#8243; _module_preset=&#8221;default&#8221; global_colors_info=&#8221;{}&#8221;]<\/p>\n<p>Vous \u00eates int\u00e9ress\u00e9 par le Ford E-Transit ? Vous avez des questions ? Nous sommes \u00e0 votre disposition !<\/p>\n<p>Que ce soit pour une soumission ou pour des questions additionnelles, n&#8217;h\u00e9sitez pas \u00e0 nous contacter. Notre \u00e9quipe est \u00e0 votre service.<\/p>\n<p>[\/et_pb_text][et_pb_code _builder_version=&#8221;4.18.0&#8243; global_colors_info=&#8221;{}&#8221;]\n\n<form id=\"dpp-form\" action=\"\/montreal\/wp-json\/wp\/v2\/pages\/3102\" method=\"post\" novalidate=\"novalidate\">\n  <div class=\"form-container-left\">\n    <h3 class=\"dpp-personal-information-title\">Vos informations personnelles<\/h3>\n\n    <p class=\"dpp-last-name-wrapper\">\n      <label for=\"dpp-last-name\">Nom *<\/label>\n      <input type=\"text\" name=\"dpp-last-name\" value=\"\" size=\"40\" required \/>\n    <\/p>\n    <p class=\"dpp-first-name-wrapper\">\n      <label for=\"dpp-first-name\">Pr\u00e9nom *<\/label>\n      <input type=\"text\" name=\"dpp-first-name\" value=\"\" size=\"40\" required \/>\n    <\/p>\n    <p class=\"dpp-email-wrapper\">\n      <label for=\"dpp-email\">Adresse Courriel *<\/label>\n      <input id=\"dpp-email\" type=\"email\" name=\"dpp-email\" value=\"\" size=\"40\" required \/>\n    <\/p>\n    <p class=\"dpp-phone-wrapper\">\n      <label for=\"dpp-phone\">Num\u00e9ro de t\u00e9l\u00e9phone<\/label>\n      <input type=\"tel\" name=\"dpp-phone\" value=\"\" size=\"10\" \/>\n    <\/p>\n    <p class=\"dpp-employer-wrapper\">\n      <label for=\"dpp-employer\">Entreprise<\/label>\n      <input type=\"text\" name=\"dpp-employer\" value=\"\" size=\"40\" \/>\n    <\/p>\n  <\/div>\n\n  <hr>\n\n  <div class=\"form-container-right\">\n    <h3 class=\"dpp-vehicle-list-title\">\n      Quels v\u00e9hicules vous int\u00e9ressent?      <span>(plusieurs choix possibles)<\/span>\n    <\/h3>\n\n    <input type=\"hidden\" name=\"dpp-selected-models\">\n    <div id=\"brand-list\">\n      <div class=\"brand-list-left\">\n        <ul>            <li class=\"car-brand-f-150\">\n              <label>\n                <input type=\"checkbox\" name=\"dpp-brands[ford][]\" value=\"f-150\" >&nbsp;\n                Ford F-150              <\/label>\n            <\/li>\n                    <li class=\"car-brand-f-150_ranger\">\n              <label>\n                <input type=\"checkbox\" name=\"dpp-brands[ford][]\" value=\"f-150_ranger\" >&nbsp;\n                Ford Ranger              <\/label>\n            <\/li>\n                    <li class=\"car-brand-f-150_lightning\">\n              <label>\n                <input type=\"checkbox\" name=\"dpp-brands[ford][]\" value=\"f-150_lightning\" >&nbsp;\n                Ford F-150 Lightning              <\/label>\n            <\/li>\n                    <li class=\"car-brand-ford_super_duty\">\n              <label>\n                <input type=\"checkbox\" name=\"dpp-brands[ford][]\" value=\"ford_super_duty\" >&nbsp;\n                Ford Super Duty              <\/label>\n            <\/li>\n                    <li class=\"car-brand-chassis_cabine\">\n              <label>\n                <input type=\"checkbox\" name=\"dpp-brands[ford][]\" value=\"chassis_cabine\" >&nbsp;\n                Ford Super Duty Ch\u00e2ssis Cabine              <\/label>\n            <\/li>\n                    <li class=\"car-brand-transit\">\n              <label>\n                <input type=\"checkbox\" name=\"dpp-brands[ford][]\" value=\"transit\" >&nbsp;\n                Ford Transit              <\/label>\n            <\/li>\n                    <li class=\"car-brand-transit_chassis_tronque\">\n              <label>\n                <input type=\"checkbox\" name=\"dpp-brands[ford][]\" value=\"transit_chassis_tronque\" >&nbsp;\n                Ford Transit Ch\u00e2ssis Tronqu\u00e9              <\/label>\n            <\/li>\n                    <li class=\"car-brand-e-transit\">\n              <label>\n                <input type=\"checkbox\" name=\"dpp-brands[ford][]\" value=\"e-transit\" checked>&nbsp;\n                Ford E-Transit              <\/label>\n            <\/li>\n                    <li class=\"car-brand-e-series\">\n              <label>\n                <input type=\"checkbox\" name=\"dpp-brands[ford][]\" value=\"e-series\" >&nbsp;\n                S\u00e9rie E              <\/label>\n            <\/li>\n        <\/ul><\/div><div class=\"brand-list-right\">      <\/div>\n    <\/div>\n    <p class=\"dpp-comments-wrapper\">\n      <label for=\"dpp-comments\">Commentaires<\/label>\n      <textarea name=\"dpp-comments\"><\/textarea>\n    <\/p>\n\n    <p class=\"dpp-agree_terms_conditions-wrapper\">\n      <label id=\"agree_terms_conditions\">\n        <input type=\"checkbox\" name=\"dpp-agree_terms_conditions\" value=\"true\" required> Je consens a\u0300 ce que Groupe Desjardins ou ses repre\u0301sentants autorise\u0301s communiquent avec moi aux coordonne\u0301es indique\u0301es ci-dessus.      <\/label>\n    <\/p>\n    <p class=\"dpp-submit-wrapper\">\n      <input type=\"submit\" name=\"dpp-submitted\" value=\"Envoyer\" \/>\n    <\/p>\n  <\/div>\n<\/form>\n\n<script type=\"text\/javascript\">\n  jQuery.noConflict();\n  jQuery.validator.addMethod(\"atLeastOneModelSelected\", function(value, element) {\n    var numberChecked = jQuery('input[name*=\"dpp-brands\"]:checked').length;\n    return numberChecked > 0;\n  });\n  (function($) {\n    $('#dpp-form').validate({\n      ignore: \"\",\n      rules: {\n        \"dpp-selected-models\": {\n          atLeastOneModelSelected: true\n        },\n        \"dpp-agree_terms_conditions\": {\n          required: true\n        }\n      },\n      messages: {\n        \"dpp-first-name\": \"Ce champ est obligatoire.\",\n        \"dpp-last-name\": \"Ce champ est obligatoire.\",\n        \"dpp-email\": \"Ce champ est obligatoire.\",\n        \"dpp-selected-models\": \"Veuillez s\u00e9lectionner au moins un mod\u00e8le.\",\n        \"dpp-agree_terms_conditions\": \"Veuillez accepter les termes et conditions.\"\n      },\n      errorPlacement: function(error, element) {\n        if (element.attr(\"name\") == \"dpp-agree_terms_conditions\") {\n          error.insertAfter(\"#agree_terms_conditions\");\n        } else if (element.attr(\"name\") == \"dpp-selected-models\") {\n          error.insertBefore(\"#brand-list\");\n        } else {\n          error.insertAfter(element);\n        }\n      }\n    });\n  })(jQuery);\n\n  jQuery(document).ready(function() {\n    jQuery('#dpp-form').submit(function(event) {\n      if (!jQuery(this).valid()) {\n        event.preventDefault();\n        return false;\n      }\n\n      var email = jQuery('#dpp-email').val();\n      var siteKey = '6LcFNYUlAAAAAPmVGXUGFLHNgZHHIoWigNhal4St';\n\n      grecaptcha.ready(function() {\n        grecaptcha.execute(siteKey, {\n          action: 'subscribe'\n        }).then(function(token) {\n          jQuery('#dpp-form').prepend('<input type=\"hidden\" name=\"dpp-submitted\" value=\"send\">');\n          jQuery('#dpp-form').prepend('<input type=\"hidden\" name=\"recaptcha_response\" value=\"' + token + '\">');\n          jQuery('#dpp-form').unbind('submit').submit();\n        });;\n      });\n    });\n  });\n<\/script>\n[\/et_pb_code][\/et_pb_column][\/et_pb_row][\/et_pb_section][et_pb_section fb_built=&#8221;1&#8243; admin_label=&#8221;Venez nous rencontrer&#8221; module_id=&#8221;contact&#8221; _builder_version=&#8221;4.6.5&#8243; _module_preset=&#8221;default&#8221; custom_css_main_element=&#8221;position: relative;||padding: 0!important;&#8221; global_module=&#8221;1904&#8243; saved_tabs=&#8221;all&#8221; collapsed=&#8221;on&#8221; global_colors_info=&#8221;{}&#8221;][et_pb_row _builder_version=&#8221;4.16&#8243; _module_preset=&#8221;default&#8221; custom_css_main_element=&#8221;padding: 0;||max-width: none;||width: 100%;||z-index: 1&#8243; global_colors_info=&#8221;{}&#8221;][et_pb_column type=&#8221;4_4&#8243; _builder_version=&#8221;4.16&#8243; _module_preset=&#8221;default&#8221; global_colors_info=&#8221;{}&#8221;][et_pb_map google_api_key=&#8221;AIzaSyAPW-lcLvbnk2mngNIP24haZVhV4QQvk18&#8243; address=&#8221;1150 boulevard Marcel Laurin  St-Laurent QC H4R1J7&#8243; zoom_level=&#8221;17&#8243; address_lat=&#8221;45.51082149827&#8243; address_lng=&#8221;-73.690396298447&#8243; mouse_wheel=&#8221;off&#8221; mobile_dragging=&#8221;off&#8221; _builder_version=&#8221;4.16&#8243; _module_preset=&#8221;default&#8221; height=&#8221;340px&#8221; global_colors_info=&#8221;{}&#8221;][\/et_pb_map][\/et_pb_column][\/et_pb_row][et_pb_row module_class=&#8221;venez-nous-rencontrer&#8221; _builder_version=&#8221;4.16&#8243; _module_preset=&#8221;default&#8221; global_colors_info=&#8221;{}&#8221;][et_pb_column type=&#8221;4_4&#8243; module_class=&#8221;colonne-contact&#8221; _builder_version=&#8221;4.16&#8243; _module_preset=&#8221;default&#8221; global_colors_info=&#8221;{}&#8221;][et_pb_text admin_label=&#8221;Venez nous rencontrer&#8221; _builder_version=&#8221;4.16&#8243; _module_preset=&#8221;default&#8221; text_text_color=&#8221;#ffffff&#8221; global_colors_info=&#8221;{}&#8221;]<\/p>\n<h2 style=\"color: white\">Venez nous<br \/><strong>rencontrer<\/strong><\/h2>\n<p>[\/et_pb_text][et_pb_text admin_label=&#8221;Concessionnaire&#8221; _builder_version=&#8221;4.16&#8243; _module_preset=&#8221;default&#8221; custom_css_main_element=&#8221;margin-bottom: 20px!important;&#8221; global_colors_info=&#8221;{}&#8221;]<\/p>\n<p><strong>Desjardins Ford Montr\u00e9al<\/strong><br \/><strong> Division commerciale<\/strong><\/p>\n<p>[\/et_pb_text][et_pb_text admin_label=&#8221;Adresse&#8221; _builder_version=&#8221;4.16&#8243; _module_preset=&#8221;default&#8221; custom_css_main_element=&#8221;margin-bottom: 20px!important;&#8221; global_colors_info=&#8221;{}&#8221;]<\/p>\n<p>1150 boulevard Marcel Laurin<br \/>St-Laurent QC H4R 1J7<\/p>\n<p>[\/et_pb_text][et_pb_button button_url=&#8221;https:\/\/fordpro.quebec\/montreal\/nous-joindre&#8221; button_text=&#8221;Nous contacter&#8221; admin_label=&#8221;Nous contacter&#8221; _builder_version=&#8221;4.16&#8243; _module_preset=&#8221;default&#8221; custom_css_main_element=&#8221;color: white!important;&#8221; global_colors_info=&#8221;{}&#8221;][\/et_pb_button][\/et_pb_column][\/et_pb_row][\/et_pb_section]<\/p>\n","protected":false},"excerpt":{"rendered":"<p>Ford E-Transit : \u00c0 partir de 69 295 $ Le Ford E-Transit 2025, c\u2019est l\u2019utilitaire \u00e9lectrique qui r\u00e9volutionne le monde du travail. Offrant toute la robustesse et la polyvalence du Transit traditionnel, il ajoute l\u2019efficacit\u00e9 \u00e9nerg\u00e9tique, la protection de l\u2019environnement et une r\u00e9duction des co\u00fbts d\u2019exploitation \u00e0 ses nombreuses qualit\u00e9s. Con\u00e7u pour les entreprises cherchant [&hellip;]<\/p>\n","protected":false},"author":9,"featured_media":0,"parent":0,"menu_order":0,"comment_status":"closed","ping_status":"closed","template":"","meta":{"_et_pb_use_builder":"on","_et_pb_old_content":"","_et_gb_content_width":"","footnotes":""},"class_list":["post-3102","page","type-page","status-publish","hentry"],"_links":{"self":[{"href":"https:\/\/fordpro.quebec\/montreal\/wp-json\/wp\/v2\/pages\/3102","targetHints":{"allow":["GET"]}}],"collection":[{"href":"https:\/\/fordpro.quebec\/montreal\/wp-json\/wp\/v2\/pages"}],"about":[{"href":"https:\/\/fordpro.quebec\/montreal\/wp-json\/wp\/v2\/types\/page"}],"author":[{"embeddable":true,"href":"https:\/\/fordpro.quebec\/montreal\/wp-json\/wp\/v2\/users\/9"}],"replies":[{"embeddable":true,"href":"https:\/\/fordpro.quebec\/montreal\/wp-json\/wp\/v2\/comments?post=3102"}],"version-history":[{"count":16,"href":"https:\/\/fordpro.quebec\/montreal\/wp-json\/wp\/v2\/pages\/3102\/revisions"}],"predecessor-version":[{"id":3898,"href":"https:\/\/fordpro.quebec\/montreal\/wp-json\/wp\/v2\/pages\/3102\/revisions\/3898"}],"wp:attachment":[{"href":"https:\/\/fordpro.quebec\/montreal\/wp-json\/wp\/v2\/media?parent=3102"}],"curies":[{"name":"wp","href":"https:\/\/api.w.org\/{rel}","templated":true}]}}