{"id":3690,"date":"2024-05-30T19:07:26","date_gmt":"2024-05-30T19:07:26","guid":{"rendered":"https:\/\/fordpro.quebec\/montreal\/?page_id=3690"},"modified":"2024-05-30T19:09:32","modified_gmt":"2024-05-30T19:09:32","slug":"ford-pro-finsimple","status":"publish","type":"page","link":"https:\/\/fordpro.quebec\/montreal\/ford-pro-finsimple\/","title":{"rendered":"Ford Pro FinSimple"},"content":{"rendered":"<p>[et_pb_section fb_built=&#8221;1&#8243; admin_label=&#8221;Header&#8221; module_class=&#8221;header-section&#8221; _builder_version=&#8221;4.16&#8243; _module_preset=&#8221;default&#8221; global_colors_info=&#8221;{}&#8221;][et_pb_row module_class=&#8221;image-header&#8221; _builder_version=&#8221;4.16&#8243; _module_preset=&#8221;default&#8221; global_colors_info=&#8221;{}&#8221;][et_pb_column type=&#8221;4_4&#8243; _builder_version=&#8221;4.16&#8243; _module_preset=&#8221;default&#8221; global_colors_info=&#8221;{}&#8221;][et_pb_image src=&#8221;https:\/\/fordpro.quebec\/montreal\/wp-content\/uploads\/2024\/05\/DAC_FordPro_FinSimple_header_1920x1080.jpg&#8221; title_text=&#8221;DAC_FordPro_FinSimple_header_1920x1080&#8243; _builder_version=&#8221;4.25.1&#8243; _module_preset=&#8221;default&#8221; global_colors_info=&#8221;{}&#8221;][\/et_pb_image][\/et_pb_column][\/et_pb_row][\/et_pb_section][et_pb_section fb_built=&#8221;1&#8243; admin_label=&#8221;Ford Pro FinSimple, le financement sans obstacle&#8221; _builder_version=&#8221;4.25.1&#8243; _module_preset=&#8221;default&#8221; background_color=&#8221;#eeeeee&#8221; global_colors_info=&#8221;{}&#8221;][et_pb_row column_structure=&#8221;1_2,1_2&#8243; custom_padding_last_edited=&#8221;on|phone&#8221; _builder_version=&#8221;4.25.1&#8243; _module_preset=&#8221;default&#8221; custom_padding=&#8221;||0px||false|false&#8221; custom_padding_tablet=&#8221;||0px||false|false&#8221; custom_padding_phone=&#8221;||0px||false|false&#8221; global_colors_info=&#8221;{}&#8221;][et_pb_column type=&#8221;1_2&#8243; _builder_version=&#8221;4.25.1&#8243; _module_preset=&#8221;default&#8221; global_colors_info=&#8221;{}&#8221; custom_css_main_element_last_edited=&#8221;on|desktop&#8221; custom_css_main_element_tablet=&#8221;margin-bottom: 0!important&#8221; custom_css_main_element_phone=&#8221;margin-bottom: 0!important&#8221;][et_pb_text admin_label=&#8221;titre&#8221; _builder_version=&#8221;4.25.1&#8243; _module_preset=&#8221;default&#8221; custom_margin_tablet=&#8221;||0px||false|false&#8221; custom_margin_phone=&#8221;||0px||false|false&#8221; custom_margin_last_edited=&#8221;on|tablet&#8221; custom_padding_tablet=&#8221;&#8221; custom_padding_phone=&#8221;||||false|false&#8221; custom_padding_last_edited=&#8221;on|phone&#8221; global_colors_info=&#8221;{}&#8221; custom_css_main_element_last_edited=&#8221;on|phone&#8221;]<\/p>\n<h1><strong>Ford Pro<sup>MC<\/sup> FinSimple<sup>MC<\/sup>,<\/strong><br \/>Le financement sans obstacle<\/h1>\n<p>[\/et_pb_text][\/et_pb_column][et_pb_column type=&#8221;1_2&#8243; _builder_version=&#8221;4.16&#8243; _module_preset=&#8221;default&#8221; global_colors_info=&#8221;{}&#8221;][\/et_pb_column][\/et_pb_row][et_pb_row column_structure=&#8221;3_4,1_4&#8243; custom_padding_last_edited=&#8221;on|phone&#8221; _builder_version=&#8221;4.25.1&#8243; _module_preset=&#8221;default&#8221; custom_padding=&#8221;||0px||false|false&#8221; custom_padding_tablet=&#8221;16px||||false|false&#8221; custom_padding_phone=&#8221;16px||||false|false&#8221; global_colors_info=&#8221;{}&#8221;][et_pb_column type=&#8221;3_4&#8243; _builder_version=&#8221;4.25.1&#8243; _module_preset=&#8221;default&#8221; global_colors_info=&#8221;{}&#8221;][et_pb_text _builder_version=&#8221;4.25.1&#8243; _module_preset=&#8221;default&#8221; text_font_size=&#8221;16px&#8221; custom_margin=&#8221;||0px||false|false&#8221; custom_css_main_element=&#8221;line-height: 1.15;&#8221; global_colors_info=&#8221;{}&#8221;]Les marges de cr\u00e9dit commercial, le financement des modifications, la facturation combin\u00e9e et l\u2019option de travailler avec un expert financier, sont quelques-uns des exemples des fa\u00e7ons dont Ford Pro<sup>MC<\/sup> FinSimple<sup>MC<\/sup> peut faciliter et rendre plus efficace votre processus de location et de financement remboursable par versements.[\/et_pb_text][\/et_pb_column][et_pb_column type=&#8221;1_4&#8243; _builder_version=&#8221;4.25.1&#8243; _module_preset=&#8221;default&#8221; global_colors_info=&#8221;{}&#8221;][\/et_pb_column][\/et_pb_row][\/et_pb_section][et_pb_section fb_built=&#8221;1&#8243; admin_label=&#8221;La facilit\u00e9 d&#8217;une marge de cr\u00e9dit commercial&#8221; _builder_version=&#8221;4.25.1&#8243; _module_preset=&#8221;default&#8221; global_colors_info=&#8221;{}&#8221;][et_pb_row column_structure=&#8221;1_2,1_2&#8243; _builder_version=&#8221;4.25.1&#8243; _module_preset=&#8221;default&#8221; custom_padding=&#8221;||0px||false|false&#8221; global_colors_info=&#8221;{}&#8221;][et_pb_column type=&#8221;1_2&#8243; _builder_version=&#8221;4.25.1&#8243; _module_preset=&#8221;default&#8221; global_colors_info=&#8221;{}&#8221;][et_pb_text _builder_version=&#8221;4.25.1&#8243; _module_preset=&#8221;default&#8221; global_colors_info=&#8221;{}&#8221;]<\/p>\n<h2>La facilit\u00e9 d\u2019une marge de cr\u00e9dit commercial<\/h2>\n<p>[\/et_pb_text][et_pb_text _builder_version=&#8221;4.25.1&#8243; _module_preset=&#8221;default&#8221; text_font_size=&#8221;16px&#8221; custom_css_main_element=&#8221;line-height: 1.15&#8243; global_colors_info=&#8221;{}&#8221;]<strong>Demandez une marge de cr\u00e9dit commercial, et une fois celle-ci approuv\u00e9e, vous pourrez ajouter des v\u00e9hicules \u00e0 votre parc et obtenir de la couverture toute l\u2019ann\u00e9e pour tous vos besoins de financement ou de location; nul besoin de pr\u00e9senter une nouvelle demande chaque fois qu\u2019il vous faut un v\u00e9hicule.<\/strong><\/p>\n<p>Vous b\u00e9n\u00e9ficierez de l\u2019avantage des modalit\u00e9s flexibles, de l\u2019absence de frais de mise en \u0153uvre ou de non-utilisation, et votre marge de cr\u00e9dit commercial est offerte pour le Financement \u00e0 temp\u00e9rament commercial, la location \u00ab Tapis Rouge \u00bb commerciale et le programme de location commerciale.[\/et_pb_text][\/et_pb_column][et_pb_column type=&#8221;1_2&#8243; _builder_version=&#8221;4.25.1&#8243; _module_preset=&#8221;default&#8221; global_colors_info=&#8221;{}&#8221;][et_pb_image src=&#8221;https:\/\/fordpro.quebec\/montreal\/wp-content\/uploads\/2024\/05\/DAC_FordPro_FinSimple_Image1_800x600.jpg&#8221; title_text=&#8221;DAC_FordPro_FinSimple_Image1_800x600&#8243; _builder_version=&#8221;4.25.1&#8243; _module_preset=&#8221;default&#8221; global_colors_info=&#8221;{}&#8221;][\/et_pb_image][\/et_pb_column][\/et_pb_row][et_pb_row _builder_version=&#8221;4.25.1&#8243; _module_preset=&#8221;default&#8221; custom_padding=&#8221;||0px||false|false&#8221; global_colors_info=&#8221;{}&#8221;][et_pb_column type=&#8221;4_4&#8243; _builder_version=&#8221;4.25.1&#8243; _module_preset=&#8221;default&#8221; global_colors_info=&#8221;{}&#8221;][et_pb_text _builder_version=&#8221;4.25.1&#8243; _module_preset=&#8221;default&#8221; global_colors_info=&#8221;{}&#8221;]<\/p>\n<h3>Avantages de la marge de cr\u00e9dit commercial<\/h3>\n<p>[\/et_pb_text][\/et_pb_column][\/et_pb_row][et_pb_row column_structure=&#8221;1_2,1_2&#8243; module_class=&#8221;finsimple-list&#8221; _builder_version=&#8221;4.25.1&#8243; _module_preset=&#8221;default&#8221; custom_padding=&#8221;1rem||||false|false&#8221; global_colors_info=&#8221;{}&#8221;][et_pb_column type=&#8221;1_2&#8243; _builder_version=&#8221;4.25.1&#8243; _module_preset=&#8221;default&#8221; custom_padding=&#8221;||0px||false|false&#8221; global_colors_info=&#8221;{}&#8221; custom_css_main_element_last_edited=&#8221;on|phone&#8221; custom_css_main_element_tablet=&#8221;margin-bottom: 0;&#8221; custom_css_main_element_phone=&#8221;margin-bottom: 0;&#8221;][et_pb_text _builder_version=&#8221;4.25.1&#8243; _module_preset=&#8221;default&#8221; global_colors_info=&#8221;{}&#8221; custom_css_main_element_last_edited=&#8221;on|desktop&#8221; custom_css_main_element_tablet=&#8221;ul {||  display: flex;||}||||li {||  width: 50%;||}&#8221; custom_css_main_element_phone=&#8221;ul {||  display: flex;||}||||li {||  width: 50%;||}&#8221;]<\/p>\n<ul style=\"padding-bottom: 0; font-size: 1rem; line-height: 1.15\">\n<li>PAS DE FRAIS DE MISE EN PLACE OU DE NON-UTILISATION<\/li>\n<li>APPROBATION EN SEULEMENT DEUX JOURS OUVRABLES PAR COURRIEL<\/li>\n<li>RENOUVELLEMENT ANNUEL SIMPLIFI\u00c9<\/li>\n<li>DEMANDE EN LIGNE<\/li>\n<\/ul>\n<p>[\/et_pb_text][\/et_pb_column][et_pb_column type=&#8221;1_2&#8243; _builder_version=&#8221;4.25.1&#8243; _module_preset=&#8221;default&#8221; custom_padding=&#8221;0px||||false|false&#8221; custom_css_main_element=&#8221;margin-top: 0;&#8221; custom_css_after=&#8221;margin-top: 0;&#8221; global_colors_info=&#8221;{}&#8221;][et_pb_text _builder_version=&#8221;4.25.1&#8243; _module_preset=&#8221;default&#8221; global_colors_info=&#8221;{}&#8221; custom_css_main_element_last_edited=&#8221;on|desktop&#8221; custom_css_main_element_tablet=&#8221;ul {||  display: flex;||}||||li {||  width: 50%;||}&#8221; custom_css_main_element_phone=&#8221;ul {||  display: flex;||}||||li {||  width: 50%;||}&#8221;]<\/p>\n<ul style=\"padding-bottom: 0; font-size: 1rem; line-height: 1.15\">\n<li>LIB\u00c8RE VOTRE CAPITAL POUR D\u2019AUTRES BESOINS D\u2019AFFAIRES<\/li>\n<li>DISPONIBILIT\u00c9 DU CR\u00c9DIT QUAND VOUS EN AVEZ BESOIN<\/li>\n<li>PERMET D\u2019OBTENIR PLUS RAPIDEMENT ET PLUS FACILEMENT LES V\u00c9HICULES DONT VOTRE ENTREPRISE A BESOIN<\/li>\n<li>COMPATIBLE AVEC LA FACTURATION COMBIN\u00c9E<\/li>\n<\/ul>\n<p>[\/et_pb_text][\/et_pb_column][\/et_pb_row][et_pb_row _builder_version=&#8221;4.25.1&#8243; _module_preset=&#8221;default&#8221; global_colors_info=&#8221;{}&#8221;][et_pb_column type=&#8221;4_4&#8243; _builder_version=&#8221;4.25.1&#8243; _module_preset=&#8221;default&#8221; global_colors_info=&#8221;{}&#8221;][et_pb_button button_url=&#8221;https:\/\/www.fordpro.ca\/fr-ca\/financing\/cloc-application\/&#8221; url_new_window=&#8221;on&#8221; button_text=&#8221;D\u00e9poser une demande de marge de cr\u00e9dit commercial&#8221; button_alignment=&#8221;center&#8221; _builder_version=&#8221;4.25.1&#8243; _module_preset=&#8221;default&#8221; global_colors_info=&#8221;{}&#8221;][\/et_pb_button][\/et_pb_column][\/et_pb_row][\/et_pb_section][et_pb_section fb_built=&#8221;1&#8243; admin_label=&#8221;Des options de financement et de location flexibles&#8221; _builder_version=&#8221;4.25.1&#8243; _module_preset=&#8221;default&#8221; background_color=&#8221;#eeeeee&#8221; custom_padding=&#8221;||0px||false|false&#8221; global_colors_info=&#8221;{}&#8221;][et_pb_row column_structure=&#8221;2_3,1_3&#8243; _builder_version=&#8221;4.25.1&#8243; _module_preset=&#8221;default&#8221; custom_padding=&#8221;||0px||false|false&#8221; global_colors_info=&#8221;{}&#8221;][et_pb_column type=&#8221;2_3&#8243; _builder_version=&#8221;4.25.1&#8243; _module_preset=&#8221;default&#8221; global_colors_info=&#8221;{}&#8221;][et_pb_text _builder_version=&#8221;4.25.1&#8243; _module_preset=&#8221;default&#8221; global_colors_info=&#8221;{}&#8221;]<\/p>\n<h2>Des options de financement et de location flexibles<\/h2>\n<p>[\/et_pb_text][\/et_pb_column][et_pb_column type=&#8221;1_3&#8243; _builder_version=&#8221;4.25.1&#8243; _module_preset=&#8221;default&#8221; global_colors_info=&#8221;{}&#8221;][\/et_pb_column][\/et_pb_row][et_pb_row column_structure=&#8221;1_2,1_2&#8243; _builder_version=&#8221;4.25.1&#8243; _module_preset=&#8221;default&#8221; global_colors_info=&#8221;{}&#8221;][et_pb_column type=&#8221;1_2&#8243; _builder_version=&#8221;4.25.1&#8243; _module_preset=&#8221;default&#8221; global_colors_info=&#8221;{}&#8221;][et_pb_accordion _builder_version=&#8221;4.25.1&#8243; _module_preset=&#8221;default&#8221; toggle_level=&#8221;h4&#8243; body_font_size=&#8221;16px&#8221; custom_css_main_element=&#8221;line-height: 1.15&#8243; global_colors_info=&#8221;{}&#8221;][et_pb_accordion_item title=&#8221;Financement \u00e0 temp\u00e9rament commercial&#8221; open=&#8221;on&#8221; _builder_version=&#8221;4.25.1&#8243; _module_preset=&#8221;default&#8221; custom_padding=&#8221;||||false|false&#8221; global_colors_info=&#8221;{}&#8221; toggle_level=&#8221;h4&#8243;]<\/p>\n<p style=\"padding-bottom: 2rem\">Ford Pro<sup>MC<\/sup> FinSimple<sup>MC<\/sup> vous offre des solutions flexibles pour que nous puissions r\u00e9pondre aux besoins de votre entreprise en constante \u00e9volution. Notre programme flexible de Financement \u00e0 temp\u00e9rament commercial peut s\u2019adapter \u00e0 un vaste \u00e9ventail de v\u00e9hicules et de modalit\u00e9s pouvant r\u00e9pondre \u00e0 vos besoins et \u00e0 ceux de votre entreprise.<\/p>\n<p>[\/et_pb_accordion_item][et_pb_accordion_item title=&#8221;Location \u00ab Tapis Rouge \u00bb commerciale&#8221; _builder_version=&#8221;4.25.1&#8243; _module_preset=&#8221;default&#8221; custom_padding=&#8221;||||false|false&#8221; global_colors_info=&#8221;{}&#8221; open=&#8221;off&#8221;]<\/p>\n<p style=\"padding-bottom: 2rem\">Obtenez tous les avantages de la propri\u00e9t\u00e9 de v\u00e9hicules de parc sans le tracas de la d\u00e9pr\u00e9ciation de la valeur r\u00e9siduelle. Ajoutez des v\u00e9hicules neufs en vous acquittant des frais pour kilom\u00e9trage exc\u00e9dentaire et usure seulement \u00e0 la fin de votre location.<\/p>\n<p>[\/et_pb_accordion_item][et_pb_accordion_item title=&#8221;Location commerciale&#8221; _builder_version=&#8221;4.25.1&#8243; _module_preset=&#8221;default&#8221; custom_padding=&#8221;||||false|false&#8221; global_colors_info=&#8221;{}&#8221; open=&#8221;off&#8221;]<\/p>\n<p style=\"padding-bottom: 2rem\">Acceptez les modalit\u00e9s de location qui conviennent le mieux \u00e0 votre entreprise. Notre programme de location commerciale vous donne la flexibilit\u00e9 d\u2019\u00e9tablir la valeur r\u00e9siduelle en fonction des besoins de votre entreprise.<\/p>\n<p>[\/et_pb_accordion_item][\/et_pb_accordion][et_pb_button button_url=&#8221;https:\/\/www.fordpro.ca\/fr-ca\/financing\/cloc-application&#8221; url_new_window=&#8221;on&#8221; button_text=&#8221;Obtenir une marge de cr\u00e9dit commercial&#8221; _builder_version=&#8221;4.25.1&#8243; _module_preset=&#8221;default&#8221; global_colors_info=&#8221;{}&#8221;][\/et_pb_button][\/et_pb_column][et_pb_column type=&#8221;1_2&#8243; _builder_version=&#8221;4.25.1&#8243; _module_preset=&#8221;default&#8221; global_colors_info=&#8221;{}&#8221;][et_pb_image src=&#8221;https:\/\/fordpro.quebec\/montreal\/wp-content\/uploads\/2023\/11\/superduty_2024_1024x768.png&#8221; title_text=&#8221;superduty_2024_1024x768&#8243; _builder_version=&#8221;4.25.1&#8243; _module_preset=&#8221;default&#8221; global_colors_info=&#8221;{}&#8221;][\/et_pb_image][\/et_pb_column][\/et_pb_row][\/et_pb_section][et_pb_section fb_built=&#8221;1&#8243; admin_label=&#8221;Un accompagnement personnalis\u00e9&#8221; _builder_version=&#8221;4.25.1&#8243; _module_preset=&#8221;default&#8221; global_colors_info=&#8221;{}&#8221;][et_pb_row column_structure=&#8221;1_2,1_2&#8243; _builder_version=&#8221;4.25.1&#8243; _module_preset=&#8221;default&#8221; custom_padding=&#8221;||0px||false|false&#8221; global_colors_info=&#8221;{}&#8221;][et_pb_column type=&#8221;1_2&#8243; _builder_version=&#8221;4.25.1&#8243; _module_preset=&#8221;default&#8221; global_colors_info=&#8221;{}&#8221;][et_pb_text _builder_version=&#8221;4.25.1&#8243; _module_preset=&#8221;default&#8221; global_colors_info=&#8221;{}&#8221;]<\/p>\n<h2>Un accompagnement personnalis\u00e9<\/h2>\n<p>[\/et_pb_text][et_pb_text _builder_version=&#8221;4.25.1&#8243; _module_preset=&#8221;default&#8221; text_font_size=&#8221;16px&#8221; custom_css_main_element=&#8221;line-height: 1.15&#8243; global_colors_info=&#8221;{}&#8221;]<strong>Laissez nos experts rencontrer votre \u00e9quipe, passer en revue vos besoins et vous aider \u00e0 monter un plan de financement logique pour votre entreprise.<\/strong> <\/p>\n<p>Communiquez avec notre directeur du d\u00e9veloppement des affaires commerciales d\u00e8s aujourd\u2019hui et voyez ce qu\u2019il peut faire pour vous.[\/et_pb_text][\/et_pb_column][et_pb_column type=&#8221;1_2&#8243; _builder_version=&#8221;4.25.1&#8243; _module_preset=&#8221;default&#8221; global_colors_info=&#8221;{}&#8221;][et_pb_image src=&#8221;https:\/\/fordpro.quebec\/montreal\/wp-content\/uploads\/2024\/05\/DAC_FordPro_FinSimple_Image2_800x600.jpg&#8221; title_text=&#8221;DAC_FordPro_FinSimple_Image2_800x600&#8243; _builder_version=&#8221;4.25.1&#8243; _module_preset=&#8221;default&#8221; global_colors_info=&#8221;{}&#8221;][\/et_pb_image][\/et_pb_column][\/et_pb_row][\/et_pb_section][et_pb_section fb_built=&#8221;1&#8243; admin_label=&#8221;Banni\u00e8re&#8221; _builder_version=&#8221;4.25.1&#8243; _module_preset=&#8221;default&#8221; custom_padding=&#8221;0px||0px||false|false&#8221; custom_css_main_element=&#8221;padding-top: 0!important;&#8221; global_colors_info=&#8221;{}&#8221;][et_pb_row _builder_version=&#8221;4.25.1&#8243; _module_preset=&#8221;default&#8221; width=&#8221;100%&#8221; max_width=&#8221;none&#8221; custom_padding=&#8221;0px||||false|false&#8221; global_colors_info=&#8221;{}&#8221;][et_pb_column type=&#8221;4_4&#8243; _builder_version=&#8221;4.25.1&#8243; _module_preset=&#8221;default&#8221; global_colors_info=&#8221;{}&#8221;][et_pb_image src=&#8221;https:\/\/fordpro.quebec\/montreal\/wp-content\/uploads\/2024\/05\/DAC_FordPro_FinSimple_bandeau_1920x300.jpg&#8221; title_text=&#8221;DAC_FordPro_FinSimple_bandeau_1920x300&#8243; force_fullwidth=&#8221;on&#8221; _builder_version=&#8221;4.25.1&#8243; _module_preset=&#8221;default&#8221; height_tablet=&#8221;300px&#8221; height_phone=&#8221;300px&#8221; height_last_edited=&#8221;on|tablet&#8221; global_colors_info=&#8221;{}&#8221; custom_css_main_element_last_edited=&#8221;on|phone&#8221; custom_css_main_element_tablet=&#8221;img {||  object-position: center;||  object-fit: cover;||}&#8221; custom_css_main_element_phone=&#8221;img {||  object-position: center;||  object-fit: cover;||}&#8221;][\/et_pb_image][\/et_pb_column][\/et_pb_row][\/et_pb_section][et_pb_section fb_built=&#8221;1&#8243; admin_label=&#8221;Formulaire de contact&#8221; module_id=&#8221;formulaire&#8221; module_class=&#8221;nous_contacter&#8221; _builder_version=&#8221;4.16&#8243; _module_preset=&#8221;default&#8221; global_colors_info=&#8221;{}&#8221;][et_pb_row _builder_version=&#8221;4.16&#8243; _module_preset=&#8221;default&#8221; global_colors_info=&#8221;{}&#8221;][et_pb_column type=&#8221;4_4&#8243; _builder_version=&#8221;4.16&#8243; _module_preset=&#8221;default&#8221; global_colors_info=&#8221;{}&#8221;][et_pb_text admin_label=&#8221;Titre&#8221; _builder_version=&#8221;4.21.0&#8243; _module_preset=&#8221;default&#8221; global_colors_info=&#8221;{}&#8221;]<\/p>\n<h2><strong> Nous sommes l\u00e0 pour vous! <\/strong><\/h2>\n<p>[\/et_pb_text][et_pb_text admin_label=&#8221;Intro&#8221; _builder_version=&#8221;4.25.1&#8243; _module_preset=&#8221;default&#8221; global_colors_info=&#8221;{}&#8221;]<\/p>\n<p>Vous \u00eates int\u00e9ress\u00e9 par Ford Pro<sup>MC<\/sup> FinSimple<sup>MC<\/sup> ? Vous avez des questions ? Nous sommes \u00e0 votre disposition !<\/p>\n<p><strong>Contactez-nous pour une rencontre. Nous pourrons vous en pr\u00e9senter les avantages et r\u00e9pondre \u00e0 toutes vos questions.<\/strong><\/p>\n<p>[\/et_pb_text][et_pb_contact_form captcha=&#8221;off&#8221; email=&#8221;jfblain@desjardinsford.ca&#8221; title=&#8221;Demande d\u2019informations&#8221; custom_message=&#8221;Bonjour, <br \/>||et_pb_line_break_holder||Vous avez re\u00e7u un nouveau message pour une demande d\u2019informations pour Ford Pro FinSimple : <br \/>||et_pb_line_break_holder||||et_pb_line_break_holder||Nom : %%last-name%% <br \/>||et_pb_line_break_holder||Pr\u00e9nom : %%first-name%% <br \/>||et_pb_line_break_holder||||et_pb_line_break_holder||Courriel : %%email%% <br \/>||et_pb_line_break_holder||T\u00e9l\u00e9phone : %%phone-number%% <br \/>||et_pb_line_break_holder||||et_pb_line_break_holder||Commentaires : %%comments%% <br \/>||et_pb_line_break_holder||||et_pb_line_break_holder||Entreprise : %%business%%&#8221; submit_button_text=&#8221;Envoyer&#8221; module_id=&#8221;cloc-form&#8221; _builder_version=&#8221;4.25.1&#8243; _module_preset=&#8221;default&#8221; _unique_id=&#8221;e7d5b309-5f2e-4950-8ad6-e9ba5a58a837&#8243; hover_enabled=&#8221;0&#8243; global_colors_info=&#8221;{}&#8221; sticky_enabled=&#8221;0&#8243;][et_pb_contact_field field_id=&#8221;last-name&#8221; field_title=&#8221;Nom *&#8221; fullwidth_field=&#8221;on&#8221; _builder_version=&#8221;4.21.0&#8243; global_colors_info=&#8221;{}&#8221; button_text_size__hover_enabled=&#8221;off&#8221; button_one_text_size__hover_enabled=&#8221;off&#8221; button_two_text_size__hover_enabled=&#8221;off&#8221; button_text_color__hover_enabled=&#8221;off&#8221; button_one_text_color__hover_enabled=&#8221;off&#8221; button_two_text_color__hover_enabled=&#8221;off&#8221; button_border_width__hover_enabled=&#8221;off&#8221; button_one_border_width__hover_enabled=&#8221;off&#8221; button_two_border_width__hover_enabled=&#8221;off&#8221; button_border_color__hover_enabled=&#8221;off&#8221; button_one_border_color__hover_enabled=&#8221;off&#8221; button_two_border_color__hover_enabled=&#8221;off&#8221; button_border_radius__hover_enabled=&#8221;off&#8221; button_one_border_radius__hover_enabled=&#8221;off&#8221; button_two_border_radius__hover_enabled=&#8221;off&#8221; button_letter_spacing__hover_enabled=&#8221;off&#8221; button_one_letter_spacing__hover_enabled=&#8221;off&#8221; button_two_letter_spacing__hover_enabled=&#8221;off&#8221; button_bg_color__hover_enabled=&#8221;off&#8221; button_one_bg_color__hover_enabled=&#8221;off&#8221; button_two_bg_color__hover_enabled=&#8221;off&#8221;][\/et_pb_contact_field][et_pb_contact_field field_id=&#8221;first-name&#8221; field_title=&#8221;Pr\u00e9nom *&#8221; fullwidth_field=&#8221;on&#8221; _builder_version=&#8221;4.21.0&#8243; global_colors_info=&#8221;{}&#8221; button_text_size__hover_enabled=&#8221;off&#8221; button_one_text_size__hover_enabled=&#8221;off&#8221; button_two_text_size__hover_enabled=&#8221;off&#8221; button_text_color__hover_enabled=&#8221;off&#8221; button_one_text_color__hover_enabled=&#8221;off&#8221; button_two_text_color__hover_enabled=&#8221;off&#8221; button_border_width__hover_enabled=&#8221;off&#8221; button_one_border_width__hover_enabled=&#8221;off&#8221; button_two_border_width__hover_enabled=&#8221;off&#8221; button_border_color__hover_enabled=&#8221;off&#8221; button_one_border_color__hover_enabled=&#8221;off&#8221; button_two_border_color__hover_enabled=&#8221;off&#8221; button_border_radius__hover_enabled=&#8221;off&#8221; button_one_border_radius__hover_enabled=&#8221;off&#8221; button_two_border_radius__hover_enabled=&#8221;off&#8221; button_letter_spacing__hover_enabled=&#8221;off&#8221; button_one_letter_spacing__hover_enabled=&#8221;off&#8221; button_two_letter_spacing__hover_enabled=&#8221;off&#8221; button_bg_color__hover_enabled=&#8221;off&#8221; button_one_bg_color__hover_enabled=&#8221;off&#8221; button_two_bg_color__hover_enabled=&#8221;off&#8221;][\/et_pb_contact_field][et_pb_contact_field field_id=&#8221;email&#8221; field_title=&#8221;Adresse Courriel *&#8221; field_type=&#8221;email&#8221; fullwidth_field=&#8221;on&#8221; _builder_version=&#8221;4.21.0&#8243; global_colors_info=&#8221;{}&#8221; button_text_size__hover_enabled=&#8221;off&#8221; button_one_text_size__hover_enabled=&#8221;off&#8221; button_two_text_size__hover_enabled=&#8221;off&#8221; button_text_color__hover_enabled=&#8221;off&#8221; button_one_text_color__hover_enabled=&#8221;off&#8221; button_two_text_color__hover_enabled=&#8221;off&#8221; button_border_width__hover_enabled=&#8221;off&#8221; button_one_border_width__hover_enabled=&#8221;off&#8221; button_two_border_width__hover_enabled=&#8221;off&#8221; button_border_color__hover_enabled=&#8221;off&#8221; button_one_border_color__hover_enabled=&#8221;off&#8221; button_two_border_color__hover_enabled=&#8221;off&#8221; button_border_radius__hover_enabled=&#8221;off&#8221; button_one_border_radius__hover_enabled=&#8221;off&#8221; button_two_border_radius__hover_enabled=&#8221;off&#8221; button_letter_spacing__hover_enabled=&#8221;off&#8221; button_one_letter_spacing__hover_enabled=&#8221;off&#8221; button_two_letter_spacing__hover_enabled=&#8221;off&#8221; button_bg_color__hover_enabled=&#8221;off&#8221; button_one_bg_color__hover_enabled=&#8221;off&#8221; button_two_bg_color__hover_enabled=&#8221;off&#8221;][\/et_pb_contact_field][et_pb_contact_field field_id=&#8221;phone-number&#8221; field_title=&#8221;Num\u00e9ro de t\u00e9l\u00e9phone&#8221; required_mark=&#8221;off&#8221; fullwidth_field=&#8221;on&#8221; _builder_version=&#8221;4.21.0&#8243; _module_preset=&#8221;default&#8221; global_colors_info=&#8221;{}&#8221;][\/et_pb_contact_field][et_pb_contact_field field_id=&#8221;business&#8221; field_title=&#8221;Entreprise&#8221; required_mark=&#8221;off&#8221; fullwidth_field=&#8221;on&#8221; _builder_version=&#8221;4.21.0&#8243; _module_preset=&#8221;default&#8221; global_colors_info=&#8221;{}&#8221;][\/et_pb_contact_field][et_pb_contact_field field_id=&#8221;comments&#8221; field_title=&#8221;Commentaires&#8221; field_type=&#8221;text&#8221; required_mark=&#8221;off&#8221; fullwidth_field=&#8221;on&#8221; _builder_version=&#8221;4.21.0&#8243; _module_preset=&#8221;default&#8221; global_colors_info=&#8221;{}&#8221;][\/et_pb_contact_field][et_pb_contact_field field_id=&#8221;consent&#8221; field_title=&#8221; &#8221; field_type=&#8221;checkbox&#8221; checkbox_options=&#8221;%91{%22value%22:%22Je consens \u00e0 ce que Groupe Desjardins ou ses repr\u00e9sentants autoris\u00e9s communiquent avec moi aux coordonn\u00e9es indiqu\u00e9es ci-dessus.%22,%22checked%22:0,%22dragID%22:-1}%93&#8243; fullwidth_field=&#8221;on&#8221; _builder_version=&#8221;4.21.0&#8243; _module_preset=&#8221;default&#8221; global_colors_info=&#8221;{}&#8221;][\/et_pb_contact_field][\/et_pb_contact_form][\/et_pb_column][\/et_pb_row][\/et_pb_section][et_pb_section fb_built=&#8221;1&#8243; admin_label=&#8221;Venez nous rencontrer&#8221; module_id=&#8221;contact&#8221; _builder_version=&#8221;4.6.5&#8243; _module_preset=&#8221;default&#8221; custom_css_main_element=&#8221;position: relative;||padding: 0!important;&#8221; global_module=&#8221;1904&#8243; saved_tabs=&#8221;all&#8221; global_colors_info=&#8221;{}&#8221;][et_pb_row _builder_version=&#8221;4.16&#8243; _module_preset=&#8221;default&#8221; custom_css_main_element=&#8221;padding: 0;||max-width: none;||width: 100%;||z-index: 1&#8243; global_colors_info=&#8221;{}&#8221;][et_pb_column type=&#8221;4_4&#8243; _builder_version=&#8221;4.16&#8243; _module_preset=&#8221;default&#8221; global_colors_info=&#8221;{}&#8221;][et_pb_map google_api_key=&#8221;AIzaSyAPW-lcLvbnk2mngNIP24haZVhV4QQvk18&#8243; address=&#8221;1150 boulevard Marcel Laurin  St-Laurent QC H4R1J7&#8243; zoom_level=&#8221;17&#8243; address_lat=&#8221;45.51082149827&#8243; address_lng=&#8221;-73.690396298447&#8243; mouse_wheel=&#8221;off&#8221; mobile_dragging=&#8221;off&#8221; _builder_version=&#8221;4.16&#8243; _module_preset=&#8221;default&#8221; height=&#8221;340px&#8221; global_colors_info=&#8221;{}&#8221;][\/et_pb_map][\/et_pb_column][\/et_pb_row][et_pb_row module_class=&#8221;venez-nous-rencontrer&#8221; _builder_version=&#8221;4.16&#8243; _module_preset=&#8221;default&#8221; global_colors_info=&#8221;{}&#8221;][et_pb_column type=&#8221;4_4&#8243; module_class=&#8221;colonne-contact&#8221; _builder_version=&#8221;4.16&#8243; _module_preset=&#8221;default&#8221; global_colors_info=&#8221;{}&#8221;][et_pb_text admin_label=&#8221;Venez nous rencontrer&#8221; _builder_version=&#8221;4.16&#8243; _module_preset=&#8221;default&#8221; text_text_color=&#8221;#ffffff&#8221; global_colors_info=&#8221;{}&#8221;]<\/p>\n<h2 style=\"color: white\">Venez nous<br \/><strong>rencontrer<\/strong><\/h2>\n<p>[\/et_pb_text][et_pb_text admin_label=&#8221;Concessionnaire&#8221; _builder_version=&#8221;4.16&#8243; _module_preset=&#8221;default&#8221; custom_css_main_element=&#8221;margin-bottom: 20px!important;&#8221; global_colors_info=&#8221;{}&#8221;]<\/p>\n<p><strong>Desjardins Ford Montr\u00e9al<\/strong><br \/><strong> Division commerciale<\/strong><\/p>\n<p>[\/et_pb_text][et_pb_text admin_label=&#8221;Adresse&#8221; _builder_version=&#8221;4.16&#8243; _module_preset=&#8221;default&#8221; custom_css_main_element=&#8221;margin-bottom: 20px!important;&#8221; global_colors_info=&#8221;{}&#8221;]<\/p>\n<p>1150 boulevard Marcel Laurin<br \/>St-Laurent QC H4R 1J7<\/p>\n<p>[\/et_pb_text][et_pb_button button_url=&#8221;https:\/\/fordpro.quebec\/montreal\/nous-joindre&#8221; button_text=&#8221;Nous contacter&#8221; admin_label=&#8221;Nous contacter&#8221; _builder_version=&#8221;4.16&#8243; _module_preset=&#8221;default&#8221; custom_css_main_element=&#8221;color: white!important;&#8221; global_colors_info=&#8221;{}&#8221;][\/et_pb_button][\/et_pb_column][\/et_pb_row][\/et_pb_section]<\/p>\n","protected":false},"excerpt":{"rendered":"<p>Ford ProMC FinSimpleMC,Le financement sans obstacleLes marges de cr\u00e9dit commercial, le financement des modifications, la facturation combin\u00e9e et l\u2019option de travailler avec un expert financier, sont quelques-uns des exemples des fa\u00e7ons dont Ford ProMC FinSimpleMC peut faciliter et rendre plus efficace votre processus de location et de financement remboursable par versements.La facilit\u00e9 d\u2019une marge de [&hellip;]<\/p>\n","protected":false},"author":9,"featured_media":0,"parent":0,"menu_order":0,"comment_status":"closed","ping_status":"closed","template":"","meta":{"_et_pb_use_builder":"on","_et_pb_old_content":"","_et_gb_content_width":"","footnotes":""},"class_list":["post-3690","page","type-page","status-publish","hentry"],"_links":{"self":[{"href":"https:\/\/fordpro.quebec\/montreal\/wp-json\/wp\/v2\/pages\/3690","targetHints":{"allow":["GET"]}}],"collection":[{"href":"https:\/\/fordpro.quebec\/montreal\/wp-json\/wp\/v2\/pages"}],"about":[{"href":"https:\/\/fordpro.quebec\/montreal\/wp-json\/wp\/v2\/types\/page"}],"author":[{"embeddable":true,"href":"https:\/\/fordpro.quebec\/montreal\/wp-json\/wp\/v2\/users\/9"}],"replies":[{"embeddable":true,"href":"https:\/\/fordpro.quebec\/montreal\/wp-json\/wp\/v2\/comments?post=3690"}],"version-history":[{"count":3,"href":"https:\/\/fordpro.quebec\/montreal\/wp-json\/wp\/v2\/pages\/3690\/revisions"}],"predecessor-version":[{"id":3698,"href":"https:\/\/fordpro.quebec\/montreal\/wp-json\/wp\/v2\/pages\/3690\/revisions\/3698"}],"wp:attachment":[{"href":"https:\/\/fordpro.quebec\/montreal\/wp-json\/wp\/v2\/media?parent=3690"}],"curies":[{"name":"wp","href":"https:\/\/api.w.org\/{rel}","templated":true}]}}